{"id":245711,"date":"2025-05-02T13:03:34","date_gmt":"2025-05-02T11:03:34","guid":{"rendered":"https:\/\/cimne.com\/innovation\/unitats-innovacio\/construccio-energia-i-medi-ambient-beegroup\/resposta-demanda\/"},"modified":"2025-09-25T16:29:15","modified_gmt":"2025-09-25T14:29:15","slug":"resposta-demanda","status":"publish","type":"page","link":"https:\/\/cimne.com\/ca\/innovacio\/unitats-innovacio\/construccio-energia-i-medi-ambient-beegroup\/resposta-demanda\/","title":{"rendered":"Resposta a la demanda"},"content":{"rendered":"<p>[et_pb_section fb_built=&#8221;1&#8243; disabled_on=&#8221;off|off|off&#8221; admin_label=&#8221;Intro desktop&#8221; module_id=&#8221;first-section&#8221; _builder_version=&#8221;4.27.4&#8243; background_color=&#8221;rgba(35,229,89,0.2)&#8221; positioning=&#8221;none&#8221; custom_margin=&#8221;0px||0px||false|false&#8221; custom_padding=&#8221;0px||0px||false|false&#8221; border_width_all=&#8221;1px&#8221; border_color_all=&#8221;#d9d9d9&#8243; border_width_top=&#8221;1px&#8221; border_color_top=&#8221;#d9d9d9&#8243; border_width_right=&#8221;1px&#8221; border_color_right=&#8221;#d9d9d9&#8243; border_width_left=&#8221;1px&#8221; border_color_left=&#8221;#d9d9d9&#8243; collapsed=&#8221;off&#8221; global_colors_info=&#8221;{}&#8221;][et_pb_row column_structure=&#8221;2_3,1_3&#8243; _builder_version=&#8221;4.27.4&#8243; _module_preset=&#8221;c7c24b71-68f1-4ba2-bc79-49dcbcce5ea1&#8243; custom_margin_tablet=&#8221;&#8221; custom_margin_phone=&#8221;&#8221; custom_margin_last_edited=&#8221;on|phone&#8221; global_colors_info=&#8221;{}&#8221;][et_pb_column type=&#8221;2_3&#8243; _builder_version=&#8221;4.27.4&#8243; _module_preset=&#8221;56e57fde-4561-4cf6-a771-0a733a7201b1&#8243; custom_padding=&#8221;0px|3%|50px|3%|false|true&#8221; custom_padding_tablet=&#8221;0px|3%||3%|false|true&#8221; custom_padding_phone=&#8221;0px|3%||3%|false|true&#8221; custom_padding_last_edited=&#8221;on|desktop&#8221; border_width_right=&#8221;1px&#8221; border_color_right=&#8221;#d9d9d9&#8243; border_width_right_tablet=&#8221;0px&#8221; border_width_right_phone=&#8221;0px&#8221; border_width_right_last_edited=&#8221;on|phone&#8221; global_colors_info=&#8221;{}&#8221;][et_pb_divider color=&#8221;#004996&#8243; divider_position=&#8221;center&#8221; _builder_version=&#8221;4.27.0&#8243; _module_preset=&#8221;default&#8221; width=&#8221;85px&#8221; module_alignment=&#8221;left&#8221; custom_margin=&#8221;||0px||false|false&#8221; global_colors_info=&#8221;{}&#8221;][\/et_pb_divider][dvmd_simple_heading content_heading=&#8221;@ET-DC@eyJkeW5hbWljIjp0cnVlLCJjb250ZW50IjoicG9zdF90aXRsZSIsInNldHRpbmdzIjp7ImJlZm9yZSI6IiIsImFmdGVyIjoiIn19@&#8221; content_subheading=&#8221;L\u00ednies de recerca&#8221; content_show_rule=&#8221;off&#8221; content_swap_headings=&#8221;on&#8221; _builder_version=&#8221;4.27.4&#8243; _dynamic_attributes=&#8221;content_heading&#8221; _module_preset=&#8221;default&#8221; heading_fonts_font=&#8221;||||||||&#8221; heading_fonts_text_align=&#8221;left&#8221; heading_fonts_text_color=&#8221;#0f9d58&#8243; heading_fonts_font_size=&#8221;3rem&#8221; heading_fonts_line_height=&#8221;3.25rem&#8221; subheading_fonts_level=&#8221;h6&#8243; subheading_fonts_font=&#8221;Lora|300|on||||||&#8221; subheading_fonts_text_align=&#8221;left&#8221; subheading_fonts_text_color=&#8221;#444444&#8243; subheading_fonts_font_size=&#8221;1.1rem&#8221; subheading_fonts_line_height=&#8221;1.3rem&#8221; custom_margin=&#8221;||50px||false|false&#8221; heading_fonts_font_size_tablet=&#8221;2rem&#8221; heading_fonts_font_size_phone=&#8221;2rem&#8221; heading_fonts_font_size_last_edited=&#8221;on|phone&#8221; global_colors_info=&#8221;{}&#8221;][\/dvmd_simple_heading][et_pb_blurb title=&#8221;Unitat d&#039;Innovaci\u00f3&#8221; image=&#8221;https:\/\/cimne.com\/wp-content\/uploads\/2025\/06\/beecimne-logo-green.png&#8221; image_icon_width=&#8221;200px&#8221; _builder_version=&#8221;4.27.4&#8243; _module_preset=&#8221;318d4114-0a2a-4600-a80d-ed4f60c9034c&#8221; header_text_color=&#8221;#444444&#8243; image_icon_custom_padding=&#8221;0rem||||false|false&#8221; border_radii_image=&#8221;on|0px|0px|0px|0px&#8221; global_colors_info=&#8221;{}&#8221;]<\/p>\n<p><span dir=\"auto\" style=\"vertical-align: inherit;\">Edificaci\u00f3, Energia i Medi Ambient (BeeGroup)<\/span><\/p>\n<p>[\/et_pb_blurb][\/et_pb_column][et_pb_column type=&#8221;1_3&#8243; _builder_version=&#8221;4.27.4&#8243; _module_preset=&#8221;56e57fde-4561-4cf6-a771-0a733a7201b1&#8243; custom_padding=&#8221;0px|3%||3%|false|true&#8221; custom_padding_tablet=&#8221;0px|6%|50px|6%|false|true&#8221; custom_padding_phone=&#8221;||||false|true&#8221; custom_css_main_element=&#8221;display: flex;||flex-direction: column;||align-items: flex-end;||justify-content: center;&#8221; border_width_right_tablet=&#8221;0px&#8221; border_width_right_phone=&#8221;0px&#8221; border_width_right_last_edited=&#8221;on|phone&#8221; global_colors_info=&#8221;{}&#8221;][et_pb_code _builder_version=&#8221;4.27.4&#8243; _module_preset=&#8221;default&#8221; custom_padding=&#8221;||25px||false|false&#8221; link_option_url=&#8221;https:\/\/cimne.com\/ca\/innovation\/unitats-innovacio\/construccio-energia-i-medi-ambient-beegroup\/?tab=research&#8221; global_colors_info=&#8221;{}&#8221;]<\/p>\n<div><span class=\"back\">Enrere<\/span><\/div>\n<p>[\/et_pb_code][et_pb_image src=&#8221;https:\/\/cimne.com\/wp-content\/uploads\/2025\/02\/bee-Slide-1.jpg&#8221; title_text=&#8221;bee-Slide-1&#8243; align=&#8221;center&#8221; force_fullwidth=&#8221;on&#8221; _builder_version=&#8221;4.27.4&#8243; _module_preset=&#8221;93ceb7f0-f4b5-45d5-902c-4c83237d3321&#8243; height=&#8221;200px&#8221; custom_margin=&#8221;||||false|false&#8221; global_colors_info=&#8221;{}&#8221;][\/et_pb_image][\/et_pb_column][\/et_pb_row][\/et_pb_section][et_pb_section fb_built=&#8221;1&#8243; admin_label=&#8221;Tech Transfer Tab Top&#8221; _builder_version=&#8221;4.27.4&#8243; _module_preset=&#8221;fed47f3e-3ebe-4259-a156-523c8e0b8966&#8243; locked=&#8221;off&#8221; collapsed=&#8221;off&#8221; global_colors_info=&#8221;{}&#8221;][et_pb_row column_structure=&#8221;2_3,1_3&#8243; _builder_version=&#8221;4.27.4&#8243; _module_preset=&#8221;c7c24b71-68f1-4ba2-bc79-49dcbcce5ea1&#8243; custom_margin=&#8221;|0px||0px|false|false&#8221; global_colors_info=&#8221;{}&#8221;][et_pb_column type=&#8221;2_3&#8243; _builder_version=&#8221;4.27.4&#8243; _module_preset=&#8221;56e57fde-4561-4cf6-a771-0a733a7201b1&#8243; custom_padding=&#8221;50px|3%|50px|3%|false|false&#8221; custom_padding_tablet=&#8221;&#8221; custom_padding_phone=&#8221;&#8221; custom_padding_last_edited=&#8221;on|desktop&#8221; border_width_right=&#8221;1px&#8221; border_color_right=&#8221;#d9d9d9&#8243; global_colors_info=&#8221;{}&#8221;][et_pb_text _builder_version=&#8221;4.27.4&#8243; _module_preset=&#8221;default&#8221; text_text_color=&#8221;#0f9d58&#8243; text_font_size=&#8221;1.5rem&#8221; text_line_height=&#8221;1.8rem&#8221; width=&#8221;80%&#8221; width_tablet=&#8221;100%&#8221; width_phone=&#8221;100%&#8221; width_last_edited=&#8221;on|tablet&#8221; module_alignment=&#8221;left&#8221; custom_margin=&#8221;||||true|false&#8221; global_colors_info=&#8221;{}&#8221;]<\/p>\n<p><span data-sheets-root=\"1\"><span dir=\"auto\" style=\"vertical-align: inherit;\">La resposta a la demanda (DR) permet als usuaris obtenir dades seleccionades en temps real per ajustar el seu \u00fas d&#8217;electricitat a la disponibilitat. Els usuaris poden maximitzar els seus estalvis mitjan\u00e7ant un enfocament flexible, reduint el consum d&#8217;energia durant les hores punta.<\/span><\/span><\/p>\n<p>[\/et_pb_text][\/et_pb_column][et_pb_column type=&#8221;1_3&#8243; _builder_version=&#8221;4.27.4&#8243; _module_preset=&#8221;56e57fde-4561-4cf6-a771-0a733a7201b1&#8243; custom_padding=&#8221;50px|3%|50px|3%|true|false&#8221; custom_padding_tablet=&#8221;&#8221; custom_padding_phone=&#8221;&#8221; custom_padding_last_edited=&#8221;on|desktop&#8221; global_colors_info=&#8221;{}&#8221;][\/et_pb_column][\/et_pb_row][et_pb_row admin_label=&#8221;Fila de l\u00ednia d&#039;1px&#8221; _builder_version=&#8221;4.27.4&#8243; _module_preset=&#8221;default&#8221; width=&#8221;100%&#8221; max_width=&#8221;2500px&#8221; custom_margin=&#8221;0px||0px||true|false&#8221; custom_padding=&#8221;0px||0px||true|false&#8221; collapsed=&#8221;on&#8221; global_colors_info=&#8221;{}&#8221;][et_pb_column type=&#8221;4_4&#8243; _builder_version=&#8221;4.27.4&#8243; _module_preset=&#8221;default&#8221; global_colors_info=&#8221;{}&#8221;][et_pb_divider show_divider=&#8221;off&#8221; _builder_version=&#8221;4.27.4&#8243; _module_preset=&#8221;default&#8221; width=&#8221;100%&#8221; height=&#8221;0px&#8221; custom_margin=&#8221;0px||0px||true|false&#8221; custom_padding=&#8221;0px||0px||true|false&#8221; border_width_bottom=&#8221;1px&#8221; border_color_bottom=&#8221;#d9d9d9&#8243; global_colors_info=&#8221;{}&#8221;][\/et_pb_divider][\/et_pb_column][\/et_pb_row][et_pb_row column_structure=&#8221;1_3,1_3,1_3&#8243; _builder_version=&#8221;4.27.4&#8243; _module_preset=&#8221;c7c24b71-68f1-4ba2-bc79-49dcbcce5ea1&#8243; custom_margin=&#8221;|0px||0px|false|false&#8221; global_colors_info=&#8221;{}&#8221;][et_pb_column type=&#8221;1_3&#8243; _builder_version=&#8221;4.27.4&#8243; _module_preset=&#8221;56e57fde-4561-4cf6-a771-0a733a7201b1&#8243; custom_padding=&#8221;50px|3%|50px|3%|true|false&#8221; custom_padding_tablet=&#8221;&#8221; custom_padding_phone=&#8221;&#8221; custom_padding_last_edited=&#8221;on|desktop&#8221; global_colors_info=&#8221;{}&#8221;][\/et_pb_column][et_pb_column type=&#8221;1_3&#8243; _builder_version=&#8221;4.27.4&#8243; _module_preset=&#8221;56e57fde-4561-4cf6-a771-0a733a7201b1&#8243; custom_padding=&#8221;50px|3%|50px|3%|true|false&#8221; custom_padding_tablet=&#8221;&#8221; custom_padding_phone=&#8221;&#8221; custom_padding_last_edited=&#8221;on|desktop&#8221; border_width_right=&#8221;1px&#8221; border_color_right=&#8221;#d9d9d9&#8243; global_colors_info=&#8221;{}&#8221;][et_pb_text _builder_version=&#8221;4.27.4&#8243; _module_preset=&#8221;default&#8221; text_font=&#8221;&#8211;et_global_body_font||||||||&#8221; text_text_color=&#8221;#444444&#8243; text_font_size=&#8221;1.1rem&#8221; text_line_height=&#8221;1.5rem&#8221; global_colors_info=&#8221;{}&#8221;]<\/p>\n<p><span dir=\"auto\" style=\"vertical-align: inherit;\">A BEE Group, donem suport al desenvolupament de <\/span><strong><span dir=\"auto\" style=\"vertical-align: inherit;\">sistemes energ\u00e8tics flexibles i resilients<\/span><\/strong><span dir=\"auto\" style=\"vertical-align: inherit;\"> permetent la gesti\u00f3 de la demanda en <\/span><strong><span dir=\"auto\" style=\"vertical-align: inherit;\">blocs residencials i petites i mitjanes empreses (pimes).<\/span><\/strong><\/p>\n<p><\/p>\n<p><span dir=\"auto\" style=\"vertical-align: inherit;\">Aquests tipus d&#8217;edificis sovint es passen per alt, per\u00f2 tenen un gran potencial per proporcionar <\/span><strong><span dir=\"auto\" style=\"vertical-align: inherit;\">una flexibilitat r\u00e0pida i distribu\u00efda<\/span><\/strong><span dir=\"auto\" style=\"vertical-align: inherit;\"> , especialment valuosa en escenaris de estr\u00e8s a la xarxa o apagades temporals.<\/span><\/p>\n<p><\/p>\n<p><span dir=\"auto\" style=\"vertical-align: inherit;\">La creixent proporci\u00f3 d&#8217;energies renovables variables (ERV) en la combinaci\u00f3 el\u00e8ctrica \u2014com ara la solar i l&#8217;e\u00f2lica\u2014 exigeix \u200b\u200bnoves formes de <\/span><strong><span dir=\"auto\" style=\"vertical-align: inherit;\">flexibilitat<\/span><\/strong><span dir=\"auto\" style=\"vertical-align: inherit;\"> per mantenir l&#8217;equilibri de la xarxa. Aix\u00f2 \u00e9s particularment cr\u00edtic durant <\/span><strong><span dir=\"auto\" style=\"vertical-align: inherit;\">les hores de m\u00e0xima demanda<\/span><\/strong><span dir=\"auto\" style=\"vertical-align: inherit;\"> o en <\/span><strong><span dir=\"auto\" style=\"vertical-align: inherit;\">contextos d&#8217;emerg\u00e8ncia<\/span><\/strong><span dir=\"auto\" style=\"vertical-align: inherit;\"> quan la reducci\u00f3 de la demanda o l&#8217;autoequilibri local s\u00f3n essencials.<\/span><\/p>\n<p><\/p>\n<p><span dir=\"auto\" style=\"vertical-align: inherit;\">Desenvolupem <\/span><strong><span dir=\"auto\" style=\"vertical-align: inherit;\">serveis innovadors de resposta a la demanda (DR)<\/span><\/strong><span dir=\"auto\" style=\"vertical-align: inherit;\"> per a consumidors residencials i comercials, integrant sistemes de control intel\u00b7ligent, emmagatzematge i estrat\u00e8gies de conversi\u00f3 d&#8217;energia a calor. El nostre treball en <\/span><strong><span dir=\"auto\" style=\"vertical-align: inherit;\">projectes pilot reals<\/span><\/strong><span dir=\"auto\" style=\"vertical-align: inherit;\"> com <\/span><strong><span dir=\"auto\" style=\"vertical-align: inherit;\">Sim4Blocks<\/span><\/strong><span dir=\"auto\" style=\"vertical-align: inherit;\"> i <\/span><strong><span dir=\"auto\" style=\"vertical-align: inherit;\">FlexCoop<\/span><\/strong><span dir=\"auto\" style=\"vertical-align: inherit;\"> demostra com els blocs de construcci\u00f3 flexibles poden convertir-se en participants actius en el sistema energ\u00e8tic.<\/span><\/p>\n<p><\/p>\n<p><span dir=\"auto\" style=\"vertical-align: inherit;\">El nostre enfocament inclou:<\/span><\/p>\n<p><\/p>\n<p><span dir=\"auto\" style=\"vertical-align: inherit;\">\u2022 Caracteritzaci\u00f3 de <\/span><strong><span dir=\"auto\" style=\"vertical-align: inherit;\">la flexibilitat t\u00e8cnica i operativa<\/span><\/strong><span dir=\"auto\" style=\"vertical-align: inherit;\"> en edificis. <\/span><br \/><span dir=\"auto\" style=\"vertical-align: inherit;\">\u2022 Permetre <\/span><strong><span dir=\"auto\" style=\"vertical-align: inherit;\">l&#8217;adaptaci\u00f3 en temps real<\/span><\/strong><span dir=\"auto\" style=\"vertical-align: inherit;\"> a senyals din\u00e0mics del mercat o esdeveniments cr\u00edtics. <\/span><br \/><span dir=\"auto\" style=\"vertical-align: inherit;\">\u2022 Desenvolupar <\/span><strong><span dir=\"auto\" style=\"vertical-align: inherit;\">models de negoci de RD<\/span><\/strong><span dir=\"auto\" style=\"vertical-align: inherit;\"> i <\/span><strong><span dir=\"auto\" style=\"vertical-align: inherit;\">mecanismes d&#8217;acc\u00e9s al mercat<\/span><\/strong><span dir=\"auto\" style=\"vertical-align: inherit;\"> adaptats a edificis no industrials. <\/span><br \/><span dir=\"auto\" style=\"vertical-align: inherit;\">\u2022 Donar suport <\/span><strong><span dir=\"auto\" style=\"vertical-align: inherit;\">a l&#8217;estabilitat i la resili\u00e8ncia de la xarxa<\/span><\/strong><span dir=\"auto\" style=\"vertical-align: inherit;\"> mitjan\u00e7ant capacitats de resposta local.<\/span><\/p>\n<p><\/p>\n<p><span dir=\"auto\" style=\"vertical-align: inherit;\">Els edificis residencials i de les PIME no s\u00f3n nom\u00e9s consumidors d&#8217;energia, sin\u00f3 que s\u00f3n <\/span><strong><span dir=\"auto\" style=\"vertical-align: inherit;\">actius clau en el panorama energ\u00e8tic del futur<\/span><\/strong><span dir=\"auto\" style=\"vertical-align: inherit;\"> , capa\u00e7os d&#8217;oferir una flexibilitat fiable i escalable.<\/span><\/p>\n<p>[\/et_pb_text][\/et_pb_column][et_pb_column type=&#8221;1_3&#8243; _builder_version=&#8221;4.27.4&#8243; _module_preset=&#8221;56e57fde-4561-4cf6-a771-0a733a7201b1&#8243; custom_padding_tablet=&#8221;50px|6%|50px|6%|true|true&#8221; custom_padding_phone=&#8221;50px|6%||6%|false|true&#8221; global_colors_info=&#8221;{}&#8221;][et_pb_blurb title=&#8221;Definici\u00f3&#8221; image=&#8221;https:\/\/cimne.com\/wp-content\/uploads\/2025\/06\/lines-file.png&#8221; image_icon_width=&#8221;64px&#8221; _builder_version=&#8221;4.27.4&#8243; _module_preset=&#8221;318d4114-0a2a-4600-a80d-ed4f60c9034c&#8221; header_level=&#8221;h6&#8243; header_text_color=&#8221;#0f9d58&#8243; header_line_height=&#8221;1.4rem&#8221; image_icon_custom_padding=&#8221;0rem||||false|false&#8221; custom_padding=&#8221;0px|0px|20px|0px|false|true&#8221; border_radii_image=&#8221;on|0px|0px|0px|0px&#8221; global_colors_info=&#8221;{}&#8221;]<\/p>\n<p><span data-sheets-root=\"1\"><span dir=\"auto\" style=\"vertical-align: inherit;\">Dels criteris de qualitat per a la monitoritzaci\u00f3 de RD en blocs d&#8217;edificis.<\/span><\/span><\/p>\n<p>[\/et_pb_blurb][et_pb_blurb title=&#8221;Disseny&#8221; image=&#8221;https:\/\/cimne.com\/wp-content\/uploads\/2025\/06\/pencil-ruler.png&#8221; image_icon_width=&#8221;64px&#8221; _builder_version=&#8221;4.27.4&#8243; _module_preset=&#8221;318d4114-0a2a-4600-a80d-ed4f60c9034c&#8221; header_level=&#8221;h6&#8243; header_text_color=&#8221;#0f9d58&#8243; header_line_height=&#8221;1.4rem&#8221; image_icon_custom_padding=&#8221;0rem||||false|false&#8221; custom_padding=&#8221;0px|0px|20px|0px|false|true&#8221; border_radii_image=&#8221;on|0px|0px|0px|0px&#8221; global_colors_info=&#8221;{}&#8221;]<\/p>\n<p><span data-sheets-root=\"1\"><span dir=\"auto\" style=\"vertical-align: inherit;\">De l&#8217;arquitectura del sistema i la metodologia d&#8217;avaluaci\u00f3 de DR.<\/span><\/span><\/p>\n<p>[\/et_pb_blurb][et_pb_blurb title=&#8221;An\u00e0lisi&#8221; image=&#8221;https:\/\/cimne.com\/wp-content\/uploads\/2025\/06\/cimne-beegroup-analysis2.png&#8221; image_icon_width=&#8221;64px&#8221; _builder_version=&#8221;4.27.4&#8243; _module_preset=&#8221;318d4114-0a2a-4600-a80d-ed4f60c9034c&#8221; header_level=&#8221;h6&#8243; header_text_color=&#8221;#0f9d58&#8243; header_line_height=&#8221;1.4rem&#8221; image_icon_custom_padding=&#8221;0rem||||false|false&#8221; custom_padding=&#8221;0px|0px|20px|0px|false|true&#8221; border_radii_image=&#8221;on|0px|0px|0px|0px&#8221; global_colors_info=&#8221;{}&#8221;]<\/p>\n<p><span data-sheets-root=\"1\"><span dir=\"auto\" style=\"vertical-align: inherit;\">Del rendiment del sistema amb optimitzaci\u00f3 de desenvolupaments i procediments per millorar-ne l&#8217;\u00fas.<\/span><\/span><\/p>\n<p>[\/et_pb_blurb][et_pb_blurb title=&#8221;Implementaci\u00f3&#8221; image=&#8221;https:\/\/cimne.com\/wp-content\/uploads\/2025\/06\/cimne-beegroup-implementation2.png&#8221; image_icon_width=&#8221;64px&#8221; _builder_version=&#8221;4.27.4&#8243; _module_preset=&#8221;318d4114-0a2a-4600-a80d-ed4f60c9034c&#8221; header_level=&#8221;h6&#8243; header_text_color=&#8221;#0f9d58&#8243; header_line_height=&#8221;1.4rem&#8221; image_icon_custom_padding=&#8221;0rem||||false|false&#8221; custom_padding=&#8221;|0px|20px|0px|false|true&#8221; border_radii_image=&#8221;on|0px|0px|0px|0px&#8221; global_colors_info=&#8221;{}&#8221;]<\/p>\n<p><span data-sheets-root=\"1\"><span dir=\"auto\" style=\"vertical-align: inherit;\">De l&#8217;estructura de gesti\u00f3 de dades per a la monitoritzaci\u00f3 i les interaccions remotes<\/span><\/span><\/p>\n<p>[\/et_pb_blurb][et_pb_blurb title=&#8221;Avaluaci\u00f3&#8221; image=&#8221;https:\/\/cimne.com\/wp-content\/uploads\/2025\/06\/cimne-beegroup-evaluation2.png&#8221; image_icon_width=&#8221;64px&#8221; _builder_version=&#8221;4.27.4&#8243; _module_preset=&#8221;318d4114-0a2a-4600-a80d-ed4f60c9034c&#8221; header_level=&#8221;h6&#8243; header_text_color=&#8221;#0f9d58&#8243; header_line_height=&#8221;1.4rem&#8221; image_icon_custom_padding=&#8221;0rem||||false|false&#8221; custom_padding=&#8221;|0px|20px|0px|false|true&#8221; border_radii_image=&#8221;on|0px|0px|0px|0px&#8221; global_colors_info=&#8221;{}&#8221;]<\/p>\n<p><span data-sheets-root=\"1\"><span dir=\"auto\" style=\"vertical-align: inherit;\">L&#8217;impacte de les solucions de DR pel que fa a l&#8217;energia, els costos i l&#8217;acceptaci\u00f3 dels usuaris.<\/span><\/span><\/p>\n<p>[\/et_pb_blurb][\/et_pb_column][\/et_pb_row][\/et_pb_section][et_pb_section fb_built=&#8221;1&#8243; admin_label=&#8221;Tech Transfer Tab Top&#8221; _builder_version=&#8221;4.27.4&#8243; _module_preset=&#8221;fed47f3e-3ebe-4259-a156-523c8e0b8966&#8243; background_color=&#8221;#f2f2f2&#8243; locked=&#8221;off&#8221; collapsed=&#8221;off&#8221; global_colors_info=&#8221;{}&#8221;][et_pb_row _builder_version=&#8221;4.27.4&#8243; _module_preset=&#8221;c7c24b71-68f1-4ba2-bc79-49dcbcce5ea1&#8243; custom_margin=&#8221;|0px||0px|false|false&#8221; global_colors_info=&#8221;{}&#8221;][et_pb_column type=&#8221;4_4&#8243; _builder_version=&#8221;4.27.4&#8243; _module_preset=&#8221;56e57fde-4561-4cf6-a771-0a733a7201b1&#8243; custom_padding=&#8221;50px|3%|50px|3%|true|false&#8221; custom_padding_tablet=&#8221;&#8221; custom_padding_phone=&#8221;&#8221; custom_padding_last_edited=&#8221;on|desktop&#8221; global_colors_info=&#8221;{}&#8221;][et_pb_heading title=&#8221;Projectes de Recerca&#8221; _builder_version=&#8221;4.27.4&#8243; _module_preset=&#8221;default&#8221; title_level=&#8221;h4&#8243; title_font=&#8221;&#8211;et_global_heading_font|600|||||||&#8221; title_text_color=&#8221;#0f9d58&#8243; title_font_size=&#8221;2rem&#8221; title_line_height=&#8221;2rem&#8221; custom_padding=&#8221;||20px||false|false&#8221; locked=&#8221;off&#8221; global_colors_info=&#8221;{}&#8221;][\/et_pb_heading][et_pb_code disabled_on=&#8221;on|on|on&#8221; module_id=&#8221;bee-group-details&#8221; _builder_version=&#8221;4.27.4&#8243; _module_preset=&#8221;default&#8221; disabled=&#8221;on&#8221; global_colors_info=&#8221;{}&#8221;]<pee><!-- Expandable section using \n\n<details> element --><!-- [et_pb_line_break_holder] --><\/pee><!\u2013- [et_pb_br_holder] -\u2013><\/p>\n<details class=\"iu-details\"><!-- [et_pb_line_break_holder] --><!-- The \n\n<summary> element is used as a summary or caption for the \n\n<details> element --><!-- [et_pb_line_break_holder] --><\/p>\n<summary><span class=\"summary-title\"><span dir=\"auto\" style=\"vertical-align: inherit;\">CR \u2013 BCN. Preparat per al clima BCN <\/span><\/span><!\u2013- [et_pb_br_holder] -\u2013><span class=\"summary-subtitle\"><span dir=\"auto\" style=\"vertical-align: inherit;\">Preparat per al clima BCN<\/span><\/span><\/summary>\n<p><!-- [et_pb_line_break_holder] --><!-- [et_pb_line_break_holder] --><\/p>\n<dl><!-- [et_pb_line_break_holder] --><\/dl>\n<div class=\"list-item\"><!-- [et_pb_line_break_holder] --><span dir=\"auto\" style=\"vertical-align: inherit;\">Client: <\/span><!-- [et_pb_line_break_holder] --><span dir=\"auto\" style=\"vertical-align: inherit;\">Ministerio de Econom\u00eda y Competitividad<\/span><!-- [et_pb_line_break_holder] --><\/div>\n<dl><!-- [et_pb_line_break_holder] --><\/dl>\n<div class=\"list-item\"><!-- [et_pb_line_break_holder] --><span dir=\"auto\" style=\"vertical-align: inherit;\">Dates: <\/span><!-- [et_pb_line_break_holder] --><span dir=\"auto\" style=\"vertical-align: inherit;\">2013-2016<\/span><!-- [et_pb_line_break_holder] --><\/div>\n<dl><!-- [et_pb_line_break_holder] --><\/dl>\n<div class=\"list-item\"><!-- [et_pb_line_break_holder] --><span dir=\"auto\" style=\"vertical-align: inherit;\">Participants: <\/span><!-- [et_pb_line_break_holder] --><span dir=\"auto\" style=\"vertical-align: inherit;\">CENIT, Facultat de N\u00e0utica de Barcelona (FNB)<\/span><!-- [et_pb_line_break_holder] --><\/div>\n<dl><!-- [et_pb_line_break_holder] --><\/dl>\n<div class=\"list-item abstract-item\"><!-- [et_pb_line_break_holder] --><\/p>\n<h5><span dir=\"auto\" style=\"vertical-align: inherit;\">Resum:<\/span><\/h5>\n<p><!-- [et_pb_line_break_holder] -->\n<pee><span dir=\"auto\" style=\"vertical-align: inherit;\">El projecte EFITAC aborda l&#8217;optimitzaci\u00f3 dels moviments a les terminals autom\u00e0tiques i semiautom\u00e0tiques amb l&#8217;objectiu de minimitzar les necessitats de consum d&#8217;energia sense descuidar el seu rendiment. <\/span><!-- [et_pb_line_break_holder] --><span dir=\"auto\" style=\"vertical-align: inherit;\">Una de les principals causes d&#8217;inefici\u00e8ncia a les terminals de contenidors s\u00f3n els moviments improductius de les grues i el seu obstacle en termes operatius (temps mitjans m\u00e9s llargs per recuperar un contenidor) i energ\u00e8ticament (major consum d&#8217;energia per produir els moviments). <\/span><!-- [et_pb_line_break_holder] --><span dir=\"auto\" style=\"vertical-align: inherit;\">El projecte analitza les metodologies existents per a l&#8217;organitzaci\u00f3 i l&#8217;optimitzaci\u00f3 de les terminals per posteriorment proposar i avaluar noves estrat\u00e8gies i algoritmes per a l&#8217;assignaci\u00f3 i gesti\u00f3 de contenidors en relaci\u00f3 amb l&#8217;objectiu principal del projecte: minimitzar el consum d&#8217;energia en les operacions de les terminals. La disminuci\u00f3 dels moviments de remanipulaci\u00f3 (improductius) es considera una restricci\u00f3 del problema. <\/span><!-- [et_pb_line_break_holder] --><span dir=\"auto\" style=\"vertical-align: inherit;\">Per tal de validar els models desenvolupats, s&#8217;utilitzaran tant c\u00e0lculs de simulaci\u00f3 com anal\u00edtics, tant per a experiments dissenyats com per a un cas real utilitzant dades d&#8217;una terminal existent a Barcelona. <\/span><!-- [et_pb_line_break_holder] --><span dir=\"auto\" style=\"vertical-align: inherit;\">Fins ara, s&#8217;han produ\u00eft dos articles de recerca amb metodologies provades per reduir la remanipulaci\u00f3 (en premsa), mentre que en una fase final s&#8217;est\u00e0 avaluant el problema del conflicte entre dues grues.<\/span><\/pee>\n<!-- [et_pb_line_break_holder] --><\/div>\n<dl><!-- [et_pb_line_break_holder] --><\/dl>\n<p><!-- [et_pb_line_break_holder] --><\/details>\n<p><!\u2013- [et_pb_br_holder] -\u2013><pee><!-- [et_pb_line_break_holder] --><\/pee><!\u2013- [et_pb_br_holder] -\u2013><\/p>\n<details class=\"iu-details\"><!-- [et_pb_line_break_holder] --><\/p>\n<summary><span dir=\"auto\" style=\"vertical-align: inherit;\"><span class=\"summary-subtitle\">Plataforma d&#8217;agregaci\u00f3, harmonitzaci\u00f3 i an\u00e0lisi d&#8217;informaci\u00f3 de construcci\u00f3 <\/span><span class=\"summary-title\">BIGG<\/span><\/span><\/summary>\n<p><!-- [et_pb_line_break_holder] --><!-- [et_pb_line_break_holder] --><\/p>\n<dl><!-- [et_pb_line_break_holder] --><\/dl>\n<div class=\"list-item\"><!-- [et_pb_line_break_holder] --><span dir=\"auto\" style=\"vertical-align: inherit;\">Client: <\/span><!-- [et_pb_line_break_holder] --><span dir=\"auto\" style=\"vertical-align: inherit;\">Ministerio de Econom\u00eda y Competitividad<\/span><!-- [et_pb_line_break_holder] --><\/div>\n<dl><!-- [et_pb_line_break_holder] --><\/dl>\n<div class=\"list-item\"><!-- [et_pb_line_break_holder] --><span dir=\"auto\" style=\"vertical-align: inherit;\">Dates: <\/span><!-- [et_pb_line_break_holder] --><span dir=\"auto\" style=\"vertical-align: inherit;\">2013-2016<\/span><!-- [et_pb_line_break_holder] --><\/div>\n<dl><!-- [et_pb_line_break_holder] --><\/dl>\n<div class=\"list-item\"><!-- [et_pb_line_break_holder] --><span dir=\"auto\" style=\"vertical-align: inherit;\">Participants: <\/span><!-- [et_pb_line_break_holder] --><span dir=\"auto\" style=\"vertical-align: inherit;\">CENIT, Facultat de N\u00e0utica de Barcelona (FNB)<\/span><!-- [et_pb_line_break_holder] --><\/div>\n<dl><!-- [et_pb_line_break_holder] --><\/dl>\n<div class=\"list-item abstract-item\"><!-- [et_pb_line_break_holder] --><\/p>\n<h5><span dir=\"auto\" style=\"vertical-align: inherit;\">Resum:<\/span><\/h5>\n<p><!-- [et_pb_line_break_holder] -->\n<pee><span dir=\"auto\" style=\"vertical-align: inherit;\">El projecte EFITAC aborda l&#8217;optimitzaci\u00f3 dels moviments a les terminals autom\u00e0tiques i semiautom\u00e0tiques amb l&#8217;objectiu de minimitzar les necessitats de consum d&#8217;energia sense descuidar el seu rendiment. <\/span><!-- [et_pb_line_break_holder] --><span dir=\"auto\" style=\"vertical-align: inherit;\">Una de les principals causes d&#8217;inefici\u00e8ncia a les terminals de contenidors s\u00f3n els moviments improductius de les grues i el seu obstacle en termes operatius (temps mitjans m\u00e9s llargs per recuperar un contenidor) i energ\u00e8ticament (major consum d&#8217;energia per produir els moviments). <\/span><!-- [et_pb_line_break_holder] --><span dir=\"auto\" style=\"vertical-align: inherit;\">El projecte analitza les metodologies existents per a l&#8217;organitzaci\u00f3 i l&#8217;optimitzaci\u00f3 de les terminals per posteriorment proposar i avaluar noves estrat\u00e8gies i algoritmes per a l&#8217;assignaci\u00f3 i gesti\u00f3 de contenidors en relaci\u00f3 amb l&#8217;objectiu principal del projecte: minimitzar el consum d&#8217;energia en les operacions de les terminals. La disminuci\u00f3 dels moviments de remanipulaci\u00f3 (improductius) es considera una restricci\u00f3 del problema. <\/span><!-- [et_pb_line_break_holder] --><span dir=\"auto\" style=\"vertical-align: inherit;\">Per tal de validar els models desenvolupats, s&#8217;utilitzaran tant c\u00e0lculs de simulaci\u00f3 com anal\u00edtics, tant per a experiments dissenyats com per a un cas real utilitzant dades d&#8217;una terminal existent a Barcelona. <\/span><!-- [et_pb_line_break_holder] --><span dir=\"auto\" style=\"vertical-align: inherit;\">Fins ara, s&#8217;han produ\u00eft dos articles de recerca amb metodologies provades per reduir la remanipulaci\u00f3 (en premsa), mentre que en una fase final s&#8217;est\u00e0 avaluant el problema del conflicte entre dues grues.<\/span><\/pee>\n<!-- [et_pb_line_break_holder] --><\/div>\n<dl><!-- [et_pb_line_break_holder] --><\/dl>\n<p><!-- [et_pb_line_break_holder] --><\/details>\n<p><!\u2013- [et_pb_br_holder] -\u2013><pee><!-- [et_pb_line_break_holder] --><\/pee><!\u2013- [et_pb_br_holder] -\u2013><\/p>\n<details class=\"iu-details\"><!-- [et_pb_line_break_holder] --><\/p>\n<summary><span class=\"summary-title\"><span dir=\"auto\" style=\"vertical-align: inherit;\">Plataforma de seguiment del rendiment de l&#8217;efici\u00e8ncia energ\u00e8tica EN-TRACK <\/span><\/span><!\u2013- [et_pb_br_holder] -\u2013><span class=\"summary-subtitle\"><span dir=\"auto\" style=\"vertical-align: inherit;\">per a l&#8217;avaluaci\u00f3 comparativa d&#8217;estalvis i inversions en edificis<\/span><\/span><\/summary>\n<p><!-- [et_pb_line_break_holder] --><!-- [et_pb_line_break_holder] --><\/p>\n<dl><!-- [et_pb_line_break_holder] --><\/dl>\n<div class=\"list-item\"><!-- [et_pb_line_break_holder] --><span dir=\"auto\" style=\"vertical-align: inherit;\">Client: <\/span><!-- [et_pb_line_break_holder] --><span dir=\"auto\" style=\"vertical-align: inherit;\">Ministerio de Econom\u00eda y Competitividad<\/span><!-- [et_pb_line_break_holder] --><\/div>\n<dl><!-- [et_pb_line_break_holder] --><\/dl>\n<div class=\"list-item\"><!-- [et_pb_line_break_holder] --><span dir=\"auto\" style=\"vertical-align: inherit;\">Dates: <\/span><!-- [et_pb_line_break_holder] --><span dir=\"auto\" style=\"vertical-align: inherit;\">2013-2016<\/span><!-- [et_pb_line_break_holder] --><\/div>\n<dl><!-- [et_pb_line_break_holder] --><\/dl>\n<div class=\"list-item\"><!-- [et_pb_line_break_holder] --><span dir=\"auto\" style=\"vertical-align: inherit;\">Participants: <\/span><!-- [et_pb_line_break_holder] --><span dir=\"auto\" style=\"vertical-align: inherit;\">CENIT, Facultat de N\u00e0utica de Barcelona (FNB)<\/span><!-- [et_pb_line_break_holder] --><\/div>\n<dl><!-- [et_pb_line_break_holder] --><\/dl>\n<div class=\"list-item abstract-item\"><!-- [et_pb_line_break_holder] --><\/p>\n<h5><span dir=\"auto\" style=\"vertical-align: inherit;\">Resum:<\/span><\/h5>\n<p><!-- [et_pb_line_break_holder] -->\n<pee><span dir=\"auto\" style=\"vertical-align: inherit;\">El projecte EFITAC aborda l&#8217;optimitzaci\u00f3 dels moviments a les terminals autom\u00e0tiques i semiautom\u00e0tiques amb l&#8217;objectiu de minimitzar les necessitats de consum d&#8217;energia sense descuidar el seu rendiment. <\/span><!-- [et_pb_line_break_holder] --><span dir=\"auto\" style=\"vertical-align: inherit;\">Una de les principals causes d&#8217;inefici\u00e8ncia a les terminals de contenidors s\u00f3n els moviments improductius de les grues i el seu obstacle en termes operatius (temps mitjans m\u00e9s llargs per recuperar un contenidor) i energ\u00e8ticament (major consum d&#8217;energia per produir els moviments). <\/span><!-- [et_pb_line_break_holder] --><span dir=\"auto\" style=\"vertical-align: inherit;\">El projecte analitza les metodologies existents per a l&#8217;organitzaci\u00f3 i l&#8217;optimitzaci\u00f3 de les terminals per posteriorment proposar i avaluar noves estrat\u00e8gies i algoritmes per a l&#8217;assignaci\u00f3 i gesti\u00f3 de contenidors en relaci\u00f3 amb l&#8217;objectiu principal del projecte: minimitzar el consum d&#8217;energia en les operacions de les terminals. La disminuci\u00f3 dels moviments de remanipulaci\u00f3 (improductius) es considera una restricci\u00f3 del problema. <\/span><!-- [et_pb_line_break_holder] --><span dir=\"auto\" style=\"vertical-align: inherit;\">Per tal de validar els models desenvolupats, s&#8217;utilitzaran tant c\u00e0lculs de simulaci\u00f3 com anal\u00edtics, tant per a experiments dissenyats com per a un cas real utilitzant dades d&#8217;una terminal existent a Barcelona. <\/span><!-- [et_pb_line_break_holder] --><span dir=\"auto\" style=\"vertical-align: inherit;\">Fins ara, s&#8217;han produ\u00eft dos articles de recerca amb metodologies provades per reduir la remanipulaci\u00f3 (en premsa), mentre que en una fase final s&#8217;est\u00e0 avaluant el problema del conflicte entre dues grues.<\/span><\/pee>\n<!-- [et_pb_line_break_holder] --><\/div>\n<dl><!-- [et_pb_line_break_holder] --><\/dl>\n<p><!-- [et_pb_line_break_holder] --><!-- [et_pb_line_break_holder] --><\/details>\n<p><!\u2013- [et_pb_br_holder] -\u2013><pee><!-- [et_pb_line_break_holder] --><\/pee><!\u2013- [et_pb_br_holder] -\u2013><\/p>\n<details class=\"iu-details\"><!-- [et_pb_line_break_holder] --><\/p>\n<summary><span class=\"summary-title\"><span dir=\"auto\" style=\"vertical-align: inherit;\">FEM IoT <\/span><\/span><!\u2013- [et_pb_br_holder] -\u2013><span class=\"summary-subtitle\"><span dir=\"auto\" style=\"vertical-align: inherit;\">fomentant el mercat emergent de la Internet de les coses<\/span><\/span><\/summary>\n<p><!-- [et_pb_line_break_holder] --><!-- [et_pb_line_break_holder] --><\/p>\n<dl><!-- [et_pb_line_break_holder] --><\/dl>\n<div class=\"list-item\"><!-- [et_pb_line_break_holder] --><span dir=\"auto\" style=\"vertical-align: inherit;\">Client: <\/span><!-- [et_pb_line_break_holder] --><span dir=\"auto\" style=\"vertical-align: inherit;\">Ministerio de Econom\u00eda y Competitividad<\/span><!-- [et_pb_line_break_holder] --><\/div>\n<dl><!-- [et_pb_line_break_holder] --><\/dl>\n<div class=\"list-item\"><!-- [et_pb_line_break_holder] --><span dir=\"auto\" style=\"vertical-align: inherit;\">Dates: <\/span><!-- [et_pb_line_break_holder] --><span dir=\"auto\" style=\"vertical-align: inherit;\">2013-2016<\/span><!-- [et_pb_line_break_holder] --><\/div>\n<dl><!-- [et_pb_line_break_holder] --><\/dl>\n<div class=\"list-item\"><!-- [et_pb_line_break_holder] --><span dir=\"auto\" style=\"vertical-align: inherit;\">Participants: <\/span><!-- [et_pb_line_break_holder] --><span dir=\"auto\" style=\"vertical-align: inherit;\">CENIT, Facultat de N\u00e0utica de Barcelona (FNB)<\/span><!-- [et_pb_line_break_holder] --><\/div>\n<dl><!-- [et_pb_line_break_holder] --><\/dl>\n<div class=\"list-item abstract-item\"><!-- [et_pb_line_break_holder] --><\/p>\n<h5><span dir=\"auto\" style=\"vertical-align: inherit;\">Resum:<\/span><\/h5>\n<p><!-- [et_pb_line_break_holder] -->\n<pee><span dir=\"auto\" style=\"vertical-align: inherit;\">El projecte EFITAC aborda l&#8217;optimitzaci\u00f3 dels moviments a les terminals autom\u00e0tiques i semiautom\u00e0tiques amb l&#8217;objectiu de minimitzar les necessitats de consum d&#8217;energia sense descuidar el seu rendiment. <\/span><!-- [et_pb_line_break_holder] --><span dir=\"auto\" style=\"vertical-align: inherit;\">Una de les principals causes d&#8217;inefici\u00e8ncia a les terminals de contenidors s\u00f3n els moviments improductius de les grues i el seu obstacle en termes operatius (temps mitjans m\u00e9s llargs per recuperar un contenidor) i energ\u00e8ticament (major consum d&#8217;energia per produir els moviments). <\/span><!-- [et_pb_line_break_holder] --><span dir=\"auto\" style=\"vertical-align: inherit;\">El projecte analitza les metodologies existents per a l&#8217;organitzaci\u00f3 i l&#8217;optimitzaci\u00f3 de les terminals per posteriorment proposar i avaluar noves estrat\u00e8gies i algoritmes per a l&#8217;assignaci\u00f3 i gesti\u00f3 de contenidors en relaci\u00f3 amb l&#8217;objectiu principal del projecte: minimitzar el consum d&#8217;energia en les operacions de les terminals. La disminuci\u00f3 dels moviments de remanipulaci\u00f3 (improductius) es considera una restricci\u00f3 del problema. <\/span><!-- [et_pb_line_break_holder] --><span dir=\"auto\" style=\"vertical-align: inherit;\">Per tal de validar els models desenvolupats, s&#8217;utilitzaran tant c\u00e0lculs de simulaci\u00f3 com anal\u00edtics, tant per a experiments dissenyats com per a un cas real utilitzant dades d&#8217;una terminal existent a Barcelona. <\/span><!-- [et_pb_line_break_holder] --><span dir=\"auto\" style=\"vertical-align: inherit;\">Fins ara, s&#8217;han produ\u00eft dos articles de recerca amb metodologies provades per reduir la remanipulaci\u00f3 (en premsa), mentre que en una fase final s&#8217;est\u00e0 avaluant el problema del conflicte entre dues grues.<\/span><\/pee>\n<!-- [et_pb_line_break_holder] --><\/div>\n<dl><!-- [et_pb_line_break_holder] --><\/dl>\n<p><!-- [et_pb_line_break_holder] --><\/details>\n<p><!\u2013- [et_pb_br_holder] -\u2013><pee><!-- [et_pb_line_break_holder] --><\/pee><!\u2013- [et_pb_br_holder] -\u2013><\/p>\n<details class=\"iu-details\"><!-- [et_pb_line_break_holder] --><\/p>\n<summary><span class=\"summary-title\"><span dir=\"auto\" style=\"vertical-align: inherit;\">Serveis energ\u00e8tics intel\u00b7ligents Sensei <\/span><\/span><!\u2013- [et_pb_br_holder] -\u2013><span class=\"summary-subtitle\"><span dir=\"auto\" style=\"vertical-align: inherit;\">que integren els m\u00faltiples beneficis de la millora de l&#8217;efici\u00e8ncia energ\u00e8tica del parc immobiliari europeu<\/span><\/span><\/summary>\n<p><!-- [et_pb_line_break_holder] --><!-- [et_pb_line_break_holder] --><\/p>\n<dl><!-- [et_pb_line_break_holder] --><\/dl>\n<div class=\"list-item\"><!-- [et_pb_line_break_holder] --><span dir=\"auto\" style=\"vertical-align: inherit;\">Client: <\/span><!-- [et_pb_line_break_holder] --><span dir=\"auto\" style=\"vertical-align: inherit;\">Ministerio de Econom\u00eda y Competitividad<\/span><!-- [et_pb_line_break_holder] --><\/div>\n<dl><!-- [et_pb_line_break_holder] --><\/dl>\n<div class=\"list-item\"><!-- [et_pb_line_break_holder] --><span dir=\"auto\" style=\"vertical-align: inherit;\">Dates: <\/span><!-- [et_pb_line_break_holder] --><span dir=\"auto\" style=\"vertical-align: inherit;\">2013-2016<\/span><!-- [et_pb_line_break_holder] --><\/div>\n<dl><!-- [et_pb_line_break_holder] --><\/dl>\n<div class=\"list-item\"><!-- [et_pb_line_break_holder] --><span dir=\"auto\" style=\"vertical-align: inherit;\">Participants: <\/span><!-- [et_pb_line_break_holder] --><span dir=\"auto\" style=\"vertical-align: inherit;\">CENIT, Facultat de N\u00e0utica de Barcelona (FNB)<\/span><!-- [et_pb_line_break_holder] --><\/div>\n<dl><!-- [et_pb_line_break_holder] --><\/dl>\n<div class=\"list-item abstract-item\"><!-- [et_pb_line_break_holder] --><\/p>\n<h5><span dir=\"auto\" style=\"vertical-align: inherit;\">Resum:<\/span><\/h5>\n<p><!-- [et_pb_line_break_holder] -->\n<pee><span dir=\"auto\" style=\"vertical-align: inherit;\">El projecte EFITAC aborda l&#8217;optimitzaci\u00f3 dels moviments a les terminals autom\u00e0tiques i semiautom\u00e0tiques amb l&#8217;objectiu de minimitzar les necessitats de consum d&#8217;energia sense descuidar el seu rendiment. <\/span><!-- [et_pb_line_break_holder] --><span dir=\"auto\" style=\"vertical-align: inherit;\">Una de les principals causes d&#8217;inefici\u00e8ncia a les terminals de contenidors s\u00f3n els moviments improductius de les grues i el seu obstacle en termes operatius (temps mitjans m\u00e9s llargs per recuperar un contenidor) i energ\u00e8ticament (major consum d&#8217;energia per produir els moviments). <\/span><!-- [et_pb_line_break_holder] --><span dir=\"auto\" style=\"vertical-align: inherit;\">El projecte analitza les metodologies existents per a l&#8217;organitzaci\u00f3 i l&#8217;optimitzaci\u00f3 de les terminals per posteriorment proposar i avaluar noves estrat\u00e8gies i algoritmes per a l&#8217;assignaci\u00f3 i gesti\u00f3 de contenidors en relaci\u00f3 amb l&#8217;objectiu principal del projecte: minimitzar el consum d&#8217;energia en les operacions de les terminals. La disminuci\u00f3 dels moviments de remanipulaci\u00f3 (improductius) es considera una restricci\u00f3 del problema. <\/span><!-- [et_pb_line_break_holder] --><span dir=\"auto\" style=\"vertical-align: inherit;\">Per tal de validar els models desenvolupats, s&#8217;utilitzaran tant c\u00e0lculs de simulaci\u00f3 com anal\u00edtics, tant per a experiments dissenyats com per a un cas real utilitzant dades d&#8217;una terminal existent a Barcelona. <\/span><!-- [et_pb_line_break_holder] --><span dir=\"auto\" style=\"vertical-align: inherit;\">Fins ara, s&#8217;han produ\u00eft dos articles de recerca amb metodologies provades per reduir la remanipulaci\u00f3 (en premsa), mentre que en una fase final s&#8217;est\u00e0 avaluant el problema del conflicte entre dues grues.<\/span><\/pee>\n<\/div>\n<\/details>\n<p>[\/et_pb_code][et_pb_code module_id=&#8221;contracts-container&#8221; _builder_version=&#8221;4.27.4&#8243; _module_preset=&#8221;default&#8221; locked=&#8221;off&#8221; global_colors_info=&#8221;{}&#8221;][\/et_pb_code][\/et_pb_column][\/et_pb_row][\/et_pb_section][et_pb_section fb_built=&#8221;1&#8243; admin_label=&#8221;Overview Tab View More&#8221; module_class=&#8221;show-nav-tab  iu-nav-tab-1&#8243; _builder_version=&#8221;4.27.4&#8243; _module_preset=&#8221;fed47f3e-3ebe-4259-a156-523c8e0b8966&#8243; background_color=&#8221;#0f9d58&#8243; locked=&#8221;off&#8221; collapsed=&#8221;off&#8221; global_colors_info=&#8221;{}&#8221;][et_pb_row column_structure=&#8221;2_3,1_3&#8243; disabled_on=&#8221;off|off|off&#8221; _builder_version=&#8221;4.27.4&#8243; _module_preset=&#8221;c7c24b71-68f1-4ba2-bc79-49dcbcce5ea1&#8243; height=&#8221;140px&#8221; custom_css_main_element=&#8221;display: flex;||align-items: center;&#8221; global_colors_info=&#8221;{}&#8221;][et_pb_column type=&#8221;2_3&#8243; _builder_version=&#8221;4.27.4&#8243; _module_preset=&#8221;56e57fde-4561-4cf6-a771-0a733a7201b1&#8243; custom_padding=&#8221;0px|3%||3%|false|false&#8221; custom_padding_tablet=&#8221;0px|3%||3%|false|false&#8221; custom_padding_phone=&#8221;0px|3%||3%|false|false&#8221; custom_padding_last_edited=&#8221;on|desktop&#8221; global_colors_info=&#8221;{}&#8221;][et_pb_text admin_label=&#8221;View More&#8221; _builder_version=&#8221;4.27.4&#8243; _module_preset=&#8221;default&#8221; text_font=&#8221;|300|||||||&#8221; text_text_color=&#8221;#FFFFFF&#8221; text_font_size=&#8221;1.1rem&#8221; text_line_height=&#8221;1.5rem&#8221; header_text_color=&#8221;#FFFFFF&#8221; positioning=&#8221;relative&#8221; position_origin_a=&#8221;bottom_left&#8221; position_origin_r=&#8221;bottom_left&#8221; width=&#8221;100%&#8221; custom_padding=&#8221;||||false|false&#8221; link_option_url=&#8221;#&#8221; text_text_color_tablet=&#8221;#000000&#8243; text_text_color_last_edited=&#8221;off|phone&#8221; header_text_color_last_edited=&#8221;off|phone&#8221; text_orientation_tablet=&#8221;left&#8221; text_orientation_phone=&#8221;left&#8221; text_orientation_last_edited=&#8221;off|desktop&#8221; module_alignment_tablet=&#8221;right&#8221; module_alignment_phone=&#8221;right&#8221; module_alignment_last_edited=&#8221;on|phone&#8221; global_colors_info=&#8221;{}&#8221;]<\/p>\n<p><span dir=\"auto\" style=\"vertical-align: inherit;\">T&#8217;agradaria col\u00b7laborar o comen\u00e7ar un projecte nou?<\/span><\/p>\n<p>[\/et_pb_text][\/et_pb_column][et_pb_column type=&#8221;1_3&#8243; _builder_version=&#8221;4.27.4&#8243; _module_preset=&#8221;56e57fde-4561-4cf6-a771-0a733a7201b1&#8243; custom_padding=&#8221;0px|3%||3%|false|false&#8221; custom_padding_tablet=&#8221;0px|3%||3%|false|false&#8221; custom_padding_phone=&#8221;0px|3%||3%|false|false&#8221; custom_padding_last_edited=&#8221;on|desktop&#8221; global_colors_info=&#8221;{}&#8221;][et_pb_text content_tablet=&#8221;<\/p>\n<div class=%22flecha-container flecha-container-position-left%22>    <span class=%22cuerpo-flecha%22> <\/span>    <span class=%22punta-flecha%22> <\/span>      <span class=%22text-flecha%22> Veure m\u00e9s<\/span><\/div>\n<p>&#8221; content_phone=&#8221;<\/p>\n<div class=%22flecha-container flecha-container-position-left%22>    <span class=%22cuerpo-flecha%22> <\/span>    <span class=%22punta-flecha%22> <\/span>      <span class=%22text-flecha%22> Veure m\u00e9s<\/span><\/div>\n<p>&#8221; content_last_edited=&#8221;on|desktop&#8221; admin_label=&#8221;View More&#8221; module_class=&#8221;clickable-cta&#8221; _builder_version=&#8221;4.27.4&#8243; _module_preset=&#8221;default&#8221; text_font=&#8221;|600||on|||||&#8221; text_text_color=&#8221;#ffffff&#8221; text_font_size=&#8221;1.1rem&#8221; text_line_height=&#8221;1.5rem&#8221; transform_translate_linked__hover=&#8221;off&#8221; text_orientation=&#8221;right&#8221; width=&#8221;50%&#8221; width_tablet=&#8221;100%&#8221; width_phone=&#8221;100%&#8221; width_last_edited=&#8221;on|phone&#8221; module_alignment=&#8221;left&#8221; link_option_url=&#8221;mailto:info.beegroup@cimne.upc.edu&#8221; text_text_color_tablet=&#8221;#000000&#8243; text_text_color_phone=&#8221;#000000&#8243; text_text_color_last_edited=&#8221;on|tablet&#8221; text_orientation_tablet=&#8221;left&#8221; text_orientation_phone=&#8221;left&#8221; text_orientation_last_edited=&#8221;on|tablet&#8221; module_alignment_tablet=&#8221;right&#8221; module_alignment_phone=&#8221;right&#8221; module_alignment_last_edited=&#8221;on|phone&#8221; global_colors_info=&#8221;{}&#8221; transform_styles__hover_enabled=&#8221;off|desktop&#8221; transform_scale__hover_enabled=&#8221;off|desktop&#8221; transform_translate__hover_enabled=&#8221;off|desktop&#8221; transform_rotate__hover_enabled=&#8221;off|desktop&#8221; transform_skew__hover_enabled=&#8221;off|desktop&#8221; transform_origin__hover_enabled=&#8221;off|desktop&#8221; transform_translate__hover=&#8221;15px|0px&#8221; transform_scale__hover=&#8221;114%|100%&#8221;]<\/p>\n<div class=\"flecha-container-position-left\">\n    <span class=\"cuerpo-flecha-white\"> <\/span><br \/>\n    <span class=\"punta-flecha-white\"> <\/span><br \/>\n      <span class=\"text-flecha-white\"> Contacte<br \/>\n<\/span>\n<\/div>\n<p>[\/et_pb_text][\/et_pb_column][\/et_pb_row][\/et_pb_section][et_pb_section fb_built=&#8221;1&#8243; admin_label=&#8221;WS attr&#8221; _builder_version=&#8221;4.27.4&#8243; _module_preset=&#8221;default&#8221; custom_margin=&#8221;0px|0px|0px|0px|true|true&#8221; custom_padding=&#8221;0px|0px|0px|0px|true|true&#8221; global_colors_info=&#8221;{}&#8221; theme_builder_area=&#8221;post_content&#8221;][et_pb_row admin_label=&#8221;WS attr&#8221; _builder_version=&#8221;4.27.4&#8243; _module_preset=&#8221;_initial&#8221; custom_margin=&#8221;0px|0px|0px|0px|true|true&#8221; custom_padding=&#8221;0px|0px|0px|0px|true|true&#8221; global_colors_info=&#8221;{}&#8221; theme_builder_area=&#8221;post_content&#8221;][et_pb_column type=&#8221;4_4&#8243; _builder_version=&#8221;4.27.4&#8243; _module_preset=&#8221;default&#8221; global_colors_info=&#8221;{}&#8221; theme_builder_area=&#8221;post_content&#8221;][et_pb_code admin_label=&#8221;WS attr&#8221; _builder_version=&#8221;4.27.4&#8243; _module_preset=&#8221;default&#8221; custom_margin=&#8221;0px|0px|0px|0px|true|true&#8221; custom_padding=&#8221;0px|0px|0px|0px|true|true&#8221; hover_enabled=&#8221;0&#8243; global_colors_info=&#8221;{}&#8221; theme_builder_area=&#8221;post_content&#8221; sticky_enabled=&#8221;0&#8243;]<\/p>\n<div id=\"gsheets-call\" sheet-code=\"building-energy-and-environment-beegroup\" rl-code=\"demand-response\"><\/div>\n<p>[\/et_pb_code][\/et_pb_column][\/et_pb_row][\/et_pb_section]<\/p>\n","protected":false},"excerpt":{"rendered":"<p>[dvmd_simple_heading content_heading=&#8221;&#8221; content_subheading=&#8221;L\u00ednies de recerca&#8221; content_show_rule=&#8221;off&#8221; content_swap_headings=&#8221;on&#8221; _builder_version=&#8221;4.27.4&#8243; _dynamic_attributes=&#8221;content_heading&#8221; _module_preset=&#8221;default&#8221; heading_fonts_font=&#8221;||||||||&#8221; heading_fonts_text_align=&#8221;left&#8221; heading_fonts_text_color=&#8221;#0f9d58&#8243; heading_fonts_font_size=&#8221;3rem&#8221; heading_fonts_line_height=&#8221;3.25rem&#8221; subheading_fonts_level=&#8221;h6&#8243; subheading_fonts_font=&#8221;Lora|300|on||||||&#8221; subheading_fonts_text_align=&#8221;left&#8221; subheading_fonts_text_color=&#8221;#444444&#8243; subheading_fonts_font_size=&#8221;1.1rem&#8221; subheading_fonts_line_height=&#8221;1.3rem&#8221; custom_margin=&#8221;||50px||false|false&#8221; heading_fonts_font_size_tablet=&#8221;2rem&#8221; heading_fonts_font_size_phone=&#8221;2rem&#8221; heading_fonts_font_size_last_edited=&#8221;on|phone&#8221; global_colors_info=&#8221;{}&#8221;][\/dvmd_simple_heading]Edificaci\u00f3, Energia i Medi Ambient (BeeGroup)La resposta a la demanda (DR) permet als usuaris obtenir dades seleccionades en temps real per ajustar el seu \u00fas d&#8217;electricitat a la disponibilitat. Els [&hellip;]<\/p>\n","protected":false},"author":2,"featured_media":0,"parent":226547,"menu_order":0,"comment_status":"closed","ping_status":"closed","template":"","meta":{"_acf_changed":false,"_et_pb_use_builder":"on","_et_pb_old_content":"","_et_gb_content_width":"","slim_seo":{"title":"Resposta a la demanda - CIMNE","description":"[dvmd_simple_heading content_heading=\"@ET-DC@eyJkeW5hbWljIjp0cnVlLCJjb250ZW50IjoicG9zdF90aXRsZSIsInNldHRpbmdzIjp7ImJlZm9yZSI6IiIsImFmdGVyIjoiIn19@\" content_subh"},"footnotes":""},"class_list":["post-245711","page","type-page","status-publish","hentry"],"acf":[],"_links":{"self":[{"href":"https:\/\/cimne.com\/ca\/wp-json\/wp\/v2\/pages\/245711","targetHints":{"allow":["GET"]}}],"collection":[{"href":"https:\/\/cimne.com\/ca\/wp-json\/wp\/v2\/pages"}],"about":[{"href":"https:\/\/cimne.com\/ca\/wp-json\/wp\/v2\/types\/page"}],"author":[{"embeddable":true,"href":"https:\/\/cimne.com\/ca\/wp-json\/wp\/v2\/users\/2"}],"replies":[{"embeddable":true,"href":"https:\/\/cimne.com\/ca\/wp-json\/wp\/v2\/comments?post=245711"}],"version-history":[{"count":0,"href":"https:\/\/cimne.com\/ca\/wp-json\/wp\/v2\/pages\/245711\/revisions"}],"up":[{"embeddable":true,"href":"https:\/\/cimne.com\/ca\/wp-json\/wp\/v2\/pages\/226547"}],"wp:attachment":[{"href":"https:\/\/cimne.com\/ca\/wp-json\/wp\/v2\/media?parent=245711"}],"curies":[{"name":"wp","href":"https:\/\/api.w.org\/{rel}","templated":true}]}}